{"id":3359,"date":"2021-02-28T11:43:50","date_gmt":"2021-02-28T10:43:50","guid":{"rendered":"https:\/\/ilerkan.org\/?page_id=3359"},"modified":"2022-07-20T16:51:59","modified_gmt":"2022-07-20T14:51:59","slug":"noticias-y-proyectos","status":"publish","type":"page","link":"https:\/\/ilerkan.org\/es\/noticias-y-proyectos\/","title":{"rendered":"NOTICIAS Y PROYECTOS"},"content":{"rendered":"\t\t<div data-elementor-type=\"wp-page\" data-elementor-id=\"3359\" class=\"elementor elementor-3359\">\n\t\t\t\t\t\t\t\t\t<section class=\"elementor-section elementor-top-section elementor-element elementor-element-c8ee437 elementor-section-boxed elementor-section-height-default elementor-section-height-default\" data-id=\"c8ee437\" data-element_type=\"section\">\n\t\t\t\t\t\t<div class=\"elementor-container elementor-column-gap-default\">\n\t\t\t\t\t<div class=\"elementor-column elementor-col-100 elementor-top-column elementor-element elementor-element-c59c45a\" data-id=\"c59c45a\" data-element_type=\"column\">\n\t\t\t<div class=\"elementor-widget-wrap elementor-element-populated\">\n\t\t\t\t\t\t\t\t<div class=\"elementor-element elementor-element-6c1ce0c elementor-widget elementor-widget-dogi-blog\" data-id=\"6c1ce0c\" data-element_type=\"widget\" data-widget_type=\"dogi-blog.default\">\n\t\t\t\t<div class=\"elementor-widget-container\">\n\t\t\t\t<div class=\"blog-boxs blog-post\">\r\n\t\t<div class=\"blog-box\">\r\n            <div class=\"blog-items row\">\r\n\t\t                        <div class=\"item col-12 col-md-6 col-lg-6\">\r\n                    <div id=\"post-3458\" class=\"post-single post-3458 post type-post status-publish format-standard hentry category-sin-categorizar\">\r\n                        <div class=\"blog-image\">\r\n                                                    <\/div>\r\n                        <div class=\"blog-contents\">\r\n                            <div class=\"blog-top\">\r\n                                <ul>\r\n                                    <!-- li class=\"postby\"><span class=\"byline\"><span class=\"author vcard\"><a class=\"url fn n\" href=\"https:\/\/ilerkan.org\/es\/author\/ilerkan\/\">ilerkan<\/a><\/span><\/span><\/li -->\r\n                                    <li class=\"date\">5 de julio de 2022<\/li>\r\n                                    <li class=\"dogi-cat\"><i class=\"flaticon-repeat\"><\/i><span class=\"cat-links\"><a href=\"https:\/\/ilerkan.org\/es\/category\/sin-categorizar\/\" rel=\"category tag\">Sin categorizar<\/a><\/span><\/li>\r\n                                <\/ul>\r\n                            <\/div>\r\n\r\n                            <div class=\"blog-title\">\r\n                                <h2><a href=\"https:\/\/ilerkan.org\/es\/2022\/07\/05\/idiapgol\/\">IDIAPGOL<\/a><\/h2>\r\n                            <\/div>\r\n                            <div class=\"post-summery\">\r\n                                <div class=\"blog-body\">\r\n                                                                            <p>El CAP Primer de Maig de Lleida inicia una ter\u00e0pia canina per reduir l\u2019ansietat dels infants que s\u2019han de&hellip;<\/p>\r\n                                                                    <\/div>\r\n                                <div class=\"blog-footer\">\r\n                                    <div class=\"left\">\r\n                                        <div class=\"theme-blogs_btns\">\r\n                                            <a href=\"https:\/\/ilerkan.org\/es\/2022\/07\/05\/idiapgol\/\" class=\"blob-btn\">Leer m\u00e1s<i class=\"flaticon-right-arrow\"><\/i>\r\n                                                <span class=\"blob-btn__inner\">\r\n                                                    <span class=\"blob-btn__blobs\">\r\n                                                        <span class=\"blob-btn__blob\"><\/span>\r\n                                                        <span class=\"blob-btn__blob\"><\/span>\r\n                                                        <span class=\"blob-btn__blob\"><\/span>\r\n                                                        <span class=\"blob-btn__blob\"><\/span>\r\n                                                    <\/span>\r\n                                                <\/span>\r\n                                            <\/a>\r\n                                        <\/div>\r\n                                    <\/div>\r\n                                    <!-- div class=\"right\">\r\n                                        <div class=\"blog-comment-num\">\r\n                                            <span>Comentarios desactivados<span class=\"screen-reader-text\"> en IDIAPGOL<\/span><\/span>                                        <\/div>\r\n                                    <\/div -->\r\n                                <\/div>\r\n                            <\/div>\r\n                        <\/div>\r\n                    <\/div>\r\n                <\/div>\r\n                                <div class=\"item col-12 col-md-6 col-lg-6\">\r\n                    <div id=\"post-3488\" class=\"post-single post-3488 post type-post status-publish format-standard hentry category-sin-categorizar\">\r\n                        <div class=\"blog-image\">\r\n                                                    <\/div>\r\n                        <div class=\"blog-contents\">\r\n                            <div class=\"blog-top\">\r\n                                <ul>\r\n                                    <!-- li class=\"postby\"><span class=\"byline\"><span class=\"author vcard\"><a class=\"url fn n\" href=\"https:\/\/ilerkan.org\/es\/author\/ilerkan\/\">ilerkan<\/a><\/span><\/span><\/li -->\r\n                                    <li class=\"date\">5 de julio de 2022<\/li>\r\n                                    <li class=\"dogi-cat\"><i class=\"flaticon-repeat\"><\/i><span class=\"cat-links\"><a href=\"https:\/\/ilerkan.org\/es\/category\/sin-categorizar\/\" rel=\"category tag\">Sin categorizar<\/a><\/span><\/li>\r\n                                <\/ul>\r\n                            <\/div>\r\n\r\n                            <div class=\"blog-title\">\r\n                                <h2><a href=\"https:\/\/ilerkan.org\/es\/2022\/07\/05\/connecti-cat-18-07-2019\/\">Programa Connecti.cat<\/a><\/h2>\r\n                            <\/div>\r\n                            <div class=\"post-summery\">\r\n                                <div class=\"blog-body\">\r\n                                                                            <p>M\u00e1s informaci\u00f3n<\/p>\r\n                                                                    <\/div>\r\n                                <div class=\"blog-footer\">\r\n                                    <div class=\"left\">\r\n                                        <div class=\"theme-blogs_btns\">\r\n                                            <a href=\"https:\/\/ilerkan.org\/es\/2022\/07\/05\/connecti-cat-18-07-2019\/\" class=\"blob-btn\">Leer m\u00e1s<i class=\"flaticon-right-arrow\"><\/i>\r\n                                                <span class=\"blob-btn__inner\">\r\n                                                    <span class=\"blob-btn__blobs\">\r\n                                                        <span class=\"blob-btn__blob\"><\/span>\r\n                                                        <span class=\"blob-btn__blob\"><\/span>\r\n                                                        <span class=\"blob-btn__blob\"><\/span>\r\n                                                        <span class=\"blob-btn__blob\"><\/span>\r\n                                                    <\/span>\r\n                                                <\/span>\r\n                                            <\/a>\r\n                                        <\/div>\r\n                                    <\/div>\r\n                                    <!-- div class=\"right\">\r\n                                        <div class=\"blog-comment-num\">\r\n                                            <span>Comentarios desactivados<span class=\"screen-reader-text\"> en Programa Connecti.cat<\/span><\/span>                                        <\/div>\r\n                                    <\/div -->\r\n                                <\/div>\r\n                            <\/div>\r\n                        <\/div>\r\n                    <\/div>\r\n                <\/div>\r\n                                <div class=\"item col-12 col-md-6 col-lg-6\">\r\n                    <div id=\"post-3478\" class=\"post-single post-3478 post type-post status-publish format-standard hentry category-sin-categorizar\">\r\n                        <div class=\"blog-image\">\r\n                                                    <\/div>\r\n                        <div class=\"blog-contents\">\r\n                            <div class=\"blog-top\">\r\n                                <ul>\r\n                                    <!-- li class=\"postby\"><span class=\"byline\"><span class=\"author vcard\"><a class=\"url fn n\" href=\"https:\/\/ilerkan.org\/es\/author\/ilerkan\/\">ilerkan<\/a><\/span><\/span><\/li -->\r\n                                    <li class=\"date\">5 de julio de 2022<\/li>\r\n                                    <li class=\"dogi-cat\"><i class=\"flaticon-repeat\"><\/i><span class=\"cat-links\"><a href=\"https:\/\/ilerkan.org\/es\/category\/sin-categorizar\/\" rel=\"category tag\">Sin categorizar<\/a><\/span><\/li>\r\n                                <\/ul>\r\n                            <\/div>\r\n\r\n                            <div class=\"blog-title\">\r\n                                <h2><a href=\"https:\/\/ilerkan.org\/es\/2022\/07\/05\/connecta-lleida-pirineus\/\">Connecta lleida pirineus<\/a><\/h2>\r\n                            <\/div>\r\n                            <div class=\"post-summery\">\r\n                                <div class=\"blog-body\">\r\n                                                                            <p>Proyecto ExtraCan. Minuto 17:20 M\u00e1s informaci\u00f3n<\/p>\r\n                                                                    <\/div>\r\n                                <div class=\"blog-footer\">\r\n                                    <div class=\"left\">\r\n                                        <div class=\"theme-blogs_btns\">\r\n                                            <a href=\"https:\/\/ilerkan.org\/es\/2022\/07\/05\/connecta-lleida-pirineus\/\" class=\"blob-btn\">Leer m\u00e1s<i class=\"flaticon-right-arrow\"><\/i>\r\n                                                <span class=\"blob-btn__inner\">\r\n                                                    <span class=\"blob-btn__blobs\">\r\n                                                        <span class=\"blob-btn__blob\"><\/span>\r\n                                                        <span class=\"blob-btn__blob\"><\/span>\r\n                                                        <span class=\"blob-btn__blob\"><\/span>\r\n                                                        <span class=\"blob-btn__blob\"><\/span>\r\n                                                    <\/span>\r\n                                                <\/span>\r\n                                            <\/a>\r\n                                        <\/div>\r\n                                    <\/div>\r\n                                    <!-- div class=\"right\">\r\n                                        <div class=\"blog-comment-num\">\r\n                                            <span>Comentarios desactivados<span class=\"screen-reader-text\"> en Connecta lleida pirineus<\/span><\/span>                                        <\/div>\r\n                                    <\/div -->\r\n                                <\/div>\r\n                            <\/div>\r\n                        <\/div>\r\n                    <\/div>\r\n                <\/div>\r\n                                <div class=\"item col-12 col-md-6 col-lg-6\">\r\n                    <div id=\"post-3466\" class=\"post-single post-3466 post type-post status-publish format-standard hentry category-sin-categorizar\">\r\n                        <div class=\"blog-image\">\r\n                                                    <\/div>\r\n                        <div class=\"blog-contents\">\r\n                            <div class=\"blog-top\">\r\n                                <ul>\r\n                                    <!-- li class=\"postby\"><span class=\"byline\"><span class=\"author vcard\"><a class=\"url fn n\" href=\"https:\/\/ilerkan.org\/es\/author\/ilerkan\/\">ilerkan<\/a><\/span><\/span><\/li -->\r\n                                    <li class=\"date\">5 de julio de 2022<\/li>\r\n                                    <li class=\"dogi-cat\"><i class=\"flaticon-repeat\"><\/i><span class=\"cat-links\"><a href=\"https:\/\/ilerkan.org\/es\/category\/sin-categorizar\/\" rel=\"category tag\">Sin categorizar<\/a><\/span><\/li>\r\n                                <\/ul>\r\n                            <\/div>\r\n\r\n                            <div class=\"blog-title\">\r\n                                <h2><a href=\"https:\/\/ilerkan.org\/es\/2022\/07\/05\/20minutos\/\">20minutos<\/a><\/h2>\r\n                            <\/div>\r\n                            <div class=\"post-summery\">\r\n                                <div class=\"blog-body\">\r\n                                                                            <p>Las terapias con animales se abren camino en los hospitales: \"Los perros no curan, pero ayudan mucho a los&hellip;<\/p>\r\n                                                                    <\/div>\r\n                                <div class=\"blog-footer\">\r\n                                    <div class=\"left\">\r\n                                        <div class=\"theme-blogs_btns\">\r\n                                            <a href=\"https:\/\/ilerkan.org\/es\/2022\/07\/05\/20minutos\/\" class=\"blob-btn\">Leer m\u00e1s<i class=\"flaticon-right-arrow\"><\/i>\r\n                                                <span class=\"blob-btn__inner\">\r\n                                                    <span class=\"blob-btn__blobs\">\r\n                                                        <span class=\"blob-btn__blob\"><\/span>\r\n                                                        <span class=\"blob-btn__blob\"><\/span>\r\n                                                        <span class=\"blob-btn__blob\"><\/span>\r\n                                                        <span class=\"blob-btn__blob\"><\/span>\r\n                                                    <\/span>\r\n                                                <\/span>\r\n                                            <\/a>\r\n                                        <\/div>\r\n                                    <\/div>\r\n                                    <!-- div class=\"right\">\r\n                                        <div class=\"blog-comment-num\">\r\n                                            <span>Comentarios desactivados<span class=\"screen-reader-text\"> en 20minutos<\/span><\/span>                                        <\/div>\r\n                                    <\/div -->\r\n                                <\/div>\r\n                            <\/div>\r\n                        <\/div>\r\n                    <\/div>\r\n                <\/div>\r\n                                <div class=\"item col-12 col-md-6 col-lg-6\">\r\n                    <div id=\"post-3440\" class=\"post-single post-3440 post type-post status-publish format-standard hentry category-sin-categorizar\">\r\n                        <div class=\"blog-image\">\r\n                                                    <\/div>\r\n                        <div class=\"blog-contents\">\r\n                            <div class=\"blog-top\">\r\n                                <ul>\r\n                                    <!-- li class=\"postby\"><span class=\"byline\"><span class=\"author vcard\"><a class=\"url fn n\" href=\"https:\/\/ilerkan.org\/es\/author\/ilerkan\/\">ilerkan<\/a><\/span><\/span><\/li -->\r\n                                    <li class=\"date\">5 de julio de 2022<\/li>\r\n                                    <li class=\"dogi-cat\"><i class=\"flaticon-repeat\"><\/i><span class=\"cat-links\"><a href=\"https:\/\/ilerkan.org\/es\/category\/sin-categorizar\/\" rel=\"category tag\">Sin categorizar<\/a><\/span><\/li>\r\n                                <\/ul>\r\n                            <\/div>\r\n\r\n                            <div class=\"blog-title\">\r\n                                <h2><a href=\"https:\/\/ilerkan.org\/es\/2022\/07\/05\/segre-com\/\">Segre.com<\/a><\/h2>\r\n                            <\/div>\r\n                            <div class=\"post-summery\">\r\n                                <div class=\"blog-body\">\r\n                                                                            <p>El projecte Guau permet l'adopci\u00f3 de quinze gossos M\u00e1s informaci\u00f3n<\/p>\r\n                                                                    <\/div>\r\n                                <div class=\"blog-footer\">\r\n                                    <div class=\"left\">\r\n                                        <div class=\"theme-blogs_btns\">\r\n                                            <a href=\"https:\/\/ilerkan.org\/es\/2022\/07\/05\/segre-com\/\" class=\"blob-btn\">Leer m\u00e1s<i class=\"flaticon-right-arrow\"><\/i>\r\n                                                <span class=\"blob-btn__inner\">\r\n                                                    <span class=\"blob-btn__blobs\">\r\n                                                        <span class=\"blob-btn__blob\"><\/span>\r\n                                                        <span class=\"blob-btn__blob\"><\/span>\r\n                                                        <span class=\"blob-btn__blob\"><\/span>\r\n                                                        <span class=\"blob-btn__blob\"><\/span>\r\n                                                    <\/span>\r\n                                                <\/span>\r\n                                            <\/a>\r\n                                        <\/div>\r\n                                    <\/div>\r\n                                    <!-- div class=\"right\">\r\n                                        <div class=\"blog-comment-num\">\r\n                                            <span>Comentarios desactivados<span class=\"screen-reader-text\"> en Segre.com<\/span><\/span>                                        <\/div>\r\n                                    <\/div -->\r\n                                <\/div>\r\n                            <\/div>\r\n                        <\/div>\r\n                    <\/div>\r\n                <\/div>\r\n                                <div class=\"item col-12 col-md-6 col-lg-6\">\r\n                    <div id=\"post-3435\" class=\"post-single post-3435 post type-post status-publish format-standard hentry category-sin-categorizar\">\r\n                        <div class=\"blog-image\">\r\n                                                    <\/div>\r\n                        <div class=\"blog-contents\">\r\n                            <div class=\"blog-top\">\r\n                                <ul>\r\n                                    <!-- li class=\"postby\"><span class=\"byline\"><span class=\"author vcard\"><a class=\"url fn n\" href=\"https:\/\/ilerkan.org\/es\/author\/ilerkan\/\">ilerkan<\/a><\/span><\/span><\/li -->\r\n                                    <li class=\"date\">5 de julio de 2022<\/li>\r\n                                    <li class=\"dogi-cat\"><i class=\"flaticon-repeat\"><\/i><span class=\"cat-links\"><a href=\"https:\/\/ilerkan.org\/es\/category\/sin-categorizar\/\" rel=\"category tag\">Sin categorizar<\/a><\/span><\/li>\r\n                                <\/ul>\r\n                            <\/div>\r\n\r\n                            <div class=\"blog-title\">\r\n                                <h2><a href=\"https:\/\/ilerkan.org\/es\/2022\/07\/05\/universidad-rey-juan-carlos\/\">Universidad Rey Juan Carlos<\/a><\/h2>\r\n                            <\/div>\r\n                            <div class=\"post-summery\">\r\n                                <div class=\"blog-body\">\r\n                                                                            <p>La Oficina de Intervenci\u00f3n Asistida con Animales de la URJC participa en el estudio Mental-Dog para conocer los beneficios&hellip;<\/p>\r\n                                                                    <\/div>\r\n                                <div class=\"blog-footer\">\r\n                                    <div class=\"left\">\r\n                                        <div class=\"theme-blogs_btns\">\r\n                                            <a href=\"https:\/\/ilerkan.org\/es\/2022\/07\/05\/universidad-rey-juan-carlos\/\" class=\"blob-btn\">Leer m\u00e1s<i class=\"flaticon-right-arrow\"><\/i>\r\n                                                <span class=\"blob-btn__inner\">\r\n                                                    <span class=\"blob-btn__blobs\">\r\n                                                        <span class=\"blob-btn__blob\"><\/span>\r\n                                                        <span class=\"blob-btn__blob\"><\/span>\r\n                                                        <span class=\"blob-btn__blob\"><\/span>\r\n                                                        <span class=\"blob-btn__blob\"><\/span>\r\n                                                    <\/span>\r\n                                                <\/span>\r\n                                            <\/a>\r\n                                        <\/div>\r\n                                    <\/div>\r\n                                    <!-- div class=\"right\">\r\n                                        <div class=\"blog-comment-num\">\r\n                                            <span>Comentarios desactivados<span class=\"screen-reader-text\"> en Universidad Rey Juan Carlos<\/span><\/span>                                        <\/div>\r\n                                    <\/div -->\r\n                                <\/div>\r\n                            <\/div>\r\n                        <\/div>\r\n                    <\/div>\r\n                <\/div>\r\n                            <\/div>\r\n                        <div class=\"cpaginations\">\r\n                \t\t<div class=\"pagination-area\">\r\n\t\t\t<ul class=\"\">\r\n                                    <li class=\" active\"><a aria-current=\"page\" class=\"page-numbers current\">1<\/a><\/li>\r\n                                    <li class=\"\"><a class=\"page-numbers\" href=\"https:\/\/ilerkan.org\/es\/wp-json\/wp\/v2\/pages\/3359\/page\/2\/\">2<\/a><\/li>\r\n                                    <li class=\"\"><a class=\"page-numbers\" href=\"https:\/\/ilerkan.org\/es\/wp-json\/wp\/v2\/pages\/3359\/page\/3\/\">3<\/a><\/li>\r\n                                    <li class=\"\"><a class=\"page-numbers\" href=\"https:\/\/ilerkan.org\/es\/wp-json\/wp\/v2\/pages\/3359\/page\/4\/\">4<\/a><\/li>\r\n                                    <li class=\"\"><a class=\"next page-numbers\" href=\"https:\/\/ilerkan.org\/es\/wp-json\/wp\/v2\/pages\/3359\/page\/2\/\"><i class=\"fa fa-angle-right\" aria-hidden=\"true\"><\/i><\/a><\/li>\r\n                \t\t\t<\/ul>\r\n\t\t<\/div><!-- .navigation -->\r\n\t\t            <\/div>\r\n                    <\/div>\r\n\t<\/div>\r\n\t\t\t<\/div>\n\t\t\t\t<\/div>\n\t\t\t\t\t<\/div>\n\t\t<\/div>\n\t\t\t\t\t\t\t<\/div>\n\t\t<\/section>\n\t\t\t\t\t\t\t<\/div>\n\t\t","protected":false},"excerpt":{"rendered":"<p>Dogi February 19, 2021 When Canines Compete: Dog Sports Tone get else be her fur somewhere, the assistant there time the of proportion it as endeavours to and\u2026 Read More 0 Dogi February 19, 2021 7 Tips to Help with Dog Separation Anxiety Tone get else be her fur somewhere, the assistant there time the [&hellip;]<\/p>\n","protected":false},"author":1,"featured_media":0,"parent":0,"menu_order":0,"comment_status":"closed","ping_status":"closed","template":"blank-template.php","meta":[],"_links":{"self":[{"href":"https:\/\/ilerkan.org\/es\/wp-json\/wp\/v2\/pages\/3359"}],"collection":[{"href":"https:\/\/ilerkan.org\/es\/wp-json\/wp\/v2\/pages"}],"about":[{"href":"https:\/\/ilerkan.org\/es\/wp-json\/wp\/v2\/types\/page"}],"author":[{"embeddable":true,"href":"https:\/\/ilerkan.org\/es\/wp-json\/wp\/v2\/users\/1"}],"replies":[{"embeddable":true,"href":"https:\/\/ilerkan.org\/es\/wp-json\/wp\/v2\/comments?post=3359"}],"version-history":[{"count":1,"href":"https:\/\/ilerkan.org\/es\/wp-json\/wp\/v2\/pages\/3359\/revisions"}],"predecessor-version":[{"id":3360,"href":"https:\/\/ilerkan.org\/es\/wp-json\/wp\/v2\/pages\/3359\/revisions\/3360"}],"wp:attachment":[{"href":"https:\/\/ilerkan.org\/es\/wp-json\/wp\/v2\/media?parent=3359"}],"curies":[{"name":"wp","href":"https:\/\/api.w.org\/{rel}","templated":true}]}}